{"id":82,"date":"2018-03-12T21:16:43","date_gmt":"2018-03-12T20:16:43","guid":{"rendered":"http:\/\/lesbiopaniersdemareil.org\/?page_id=82"},"modified":"2019-05-22T16:00:11","modified_gmt":"2019-05-22T14:00:11","slug":"les-pains-toutes-les-semaines","status":"publish","type":"page","link":"https:\/\/lesbiopaniersdemareil.org\/index.php\/produits\/les-pains-toutes-les-semaines\/","title":{"rendered":"Les pains (toutes les semaines)"},"content":{"rendered":"<p><img loading=\"lazy\" class=\"size-medium wp-image-810 aligncenter\" src=\"http:\/\/lesbiopaniersdemareil.org\/wp-content\/uploads\/2019\/05\/pain-300x295.jpg\" alt=\"\" width=\"300\" height=\"295\" srcset=\"https:\/\/lesbiopaniersdemareil.org\/wp-content\/uploads\/2019\/05\/pain-300x295.jpg 300w, https:\/\/lesbiopaniersdemareil.org\/wp-content\/uploads\/2019\/05\/pain.jpg 500w\" sizes=\"(max-width: 300px) 100vw, 300px\" \/><\/p>\n<p><strong>Votre Fournil Biologique Artisanal<\/strong><br \/>Le fournil de la couronne des pr\u00e9s propose, depuis 2011, une large gamme de pains<br \/>fa\u00e7onn\u00e9s \u00e0 la main et cuits au four \u00e0 bois ainsi que des brioches et viennoiseries.<\/p>\n<p><img loading=\"lazy\" class=\"size-medium wp-image-815 aligncenter\" src=\"http:\/\/lesbiopaniersdemareil.org\/wp-content\/uploads\/2019\/05\/pain3-300x227.jpg\" alt=\"\" width=\"300\" height=\"227\" srcset=\"https:\/\/lesbiopaniersdemareil.org\/wp-content\/uploads\/2019\/05\/pain3-300x227.jpg 300w, https:\/\/lesbiopaniersdemareil.org\/wp-content\/uploads\/2019\/05\/pain3.jpg 521w\" sizes=\"(max-width: 300px) 100vw, 300px\" \/><\/p>\n<p><strong>Notre \u00e9quipe<\/strong><br \/>Notre fournil, install\u00e9 \u00e0 Ep\u00f4ne dans les Yvelines, compte aujourd\u2019hui 8 salari\u00e9s dont 4<br \/>boulangers -Jean Baptiste, Florian , Emmanuel et Jeffrey- et un p\u00e2tissier tourier &#8211;<br \/>Fabien- qui r\u00e9alisent chaque jour avec fiert\u00e9, de bons produits , de qualit\u00e9 100%<br \/>biologique , dans le respect des m\u00e9thodes de travail artisanales de la boulangerie<br \/>traditionnelle.<\/p>\n<p><img loading=\"lazy\" class=\"size-medium wp-image-814 aligncenter\" src=\"http:\/\/lesbiopaniersdemareil.org\/wp-content\/uploads\/2019\/05\/pain2-206x300.jpg\" alt=\"\" width=\"206\" height=\"300\" srcset=\"https:\/\/lesbiopaniersdemareil.org\/wp-content\/uploads\/2019\/05\/pain2-206x300.jpg 206w, https:\/\/lesbiopaniersdemareil.org\/wp-content\/uploads\/2019\/05\/pain2.jpg 520w\" sizes=\"(max-width: 206px) 100vw, 206px\" \/><img loading=\"lazy\" class=\"size-medium wp-image-812 aligncenter\" src=\"http:\/\/lesbiopaniersdemareil.org\/wp-content\/uploads\/2019\/05\/pain5-185x300.jpg\" alt=\"\" width=\"185\" height=\"300\" srcset=\"https:\/\/lesbiopaniersdemareil.org\/wp-content\/uploads\/2019\/05\/pain5-185x300.jpg 185w, https:\/\/lesbiopaniersdemareil.org\/wp-content\/uploads\/2019\/05\/pain5.jpg 508w\" sizes=\"(max-width: 185px) 100vw, 185px\" \/><br \/><strong>Nos mati\u00e8res premi\u00e8res<\/strong><br \/>Nous accordons le plus grand soin \u00e0 la s\u00e9lection de nos mati\u00e8res premi\u00e8res et des<br \/>fournisseurs avec qui nous travaillons. Nos farines sont ainsi s\u00e9lectionn\u00e9es selon des<br \/>crit\u00e8res de qualit\u00e9 boulang\u00e8re (et non de productivit\u00e9) et de proximit\u00e9 g\u00e9ographique.<br \/>Elles proviennent de BIOCER* dans l\u2019Eure, l\u2019une des 4 seules coop\u00e9ratives c\u00e9r\u00e9ali\u00e8res<br \/>Fran\u00e7aises 100% biologiques.<br \/>Ainsi les farines de bl\u00e9, d\u2019\u00e9peautre ,de petit \u00e9peautre ,de seigle, de sarrasin et de ma\u00efs<br \/>que nous utilisons sont 100% fran\u00e7aises.<br \/>Ces farines sont r\u00e9alis\u00e9es sur meule de pierre \u00ab Astri\u00e9 \u00bb**, seule technique qui conserve<br \/>l\u2019int\u00e9gralit\u00e9 du germe de bl\u00e9 dans la farine, partie la plus qualitative du grain de bl\u00e9,<br \/>ainsi que le son originel, pour des farines riches en prot\u00e9ines, min\u00e9raux (fer, zinc,<br \/>phosphore, magn\u00e9sium ..)et vitamines (B, E ,K).<\/p>\n<p><strong>Le bon pain n\u00e9cessite du temps<\/strong><br \/>Nos boulangers se l\u00e8vent tous les jours \u00e0 3 heures pour vous offrir des pains frais d\u00e8s<br \/>le d\u00e9but d\u2019apr\u00e8s-midi.<br \/>Nos p\u00e2tes, compos\u00e9es simplement de farine, d\u2019eau, de sel et de levain (ou de levures)<br \/>sont p\u00e9tries lentement afin d\u2019\u00e9viter tout \u00e9chauffement et oxydation. Pour les pains au<br \/>levain, ce p\u00e9trissage lent, associ\u00e9 \u00e0 un fa\u00e7onnage manuel et \u00e0 des temps de fermentation longs, d\u2019au moins 5 heures \u00e0 temp\u00e9rature ambiante et sans usage du<br \/>froid, nous permet de d\u00e9velopper une fermentation douce pour vous offrir des pains<br \/>aux saveurs typiques, riches en go\u00fbt et \u00e0 l\u2019acidit\u00e9 ma\u00eetris\u00e9e.<\/p>\n<p><img loading=\"lazy\" class=\"size-medium wp-image-813 aligncenter\" src=\"http:\/\/lesbiopaniersdemareil.org\/wp-content\/uploads\/2019\/05\/pain1-256x300.jpg\" alt=\"\" width=\"256\" height=\"300\" srcset=\"https:\/\/lesbiopaniersdemareil.org\/wp-content\/uploads\/2019\/05\/pain1-256x300.jpg 256w, https:\/\/lesbiopaniersdemareil.org\/wp-content\/uploads\/2019\/05\/pain1.jpg 521w\" sizes=\"(max-width: 256px) 100vw, 256px\" \/><\/p>\n<p><strong>Le pain Bio, pourquoi ?<\/strong><br \/>Parce que le pain biologique est r\u00e9alis\u00e9 sans additifs, auxiliaires technologiques ou ajout de gluten, commun\u00e9ment utilis\u00e9s en boulangerie conventionnelle. Les farines, ainsi que les ingr\u00e9dients, sont utilis\u00e9s au naturel. Les techniques de transformation des c\u00e9r\u00e9ales en farine et de fabrication du pain assurent un pain riche en go\u00fbt et de grande qualit\u00e9 nutritive.<br \/>En agriculture conventionnelle, les pesticides se trouvent majoritairement pr\u00e9sents dans l\u2019enveloppe du grain. Il est donc conseill\u00e9 de consommer les pains r\u00e9alis\u00e9s \u00e0 partir de farines peu raffin\u00e9es (pain bis, complet ou int\u00e9gral) en qualit\u00e9 biologique.<\/p>\n<p><img loading=\"lazy\" class=\"size-medium wp-image-816 aligncenter\" src=\"http:\/\/lesbiopaniersdemareil.org\/wp-content\/uploads\/2019\/05\/pain4-207x300.jpg\" alt=\"\" width=\"207\" height=\"300\" srcset=\"https:\/\/lesbiopaniersdemareil.org\/wp-content\/uploads\/2019\/05\/pain4-207x300.jpg 207w, https:\/\/lesbiopaniersdemareil.org\/wp-content\/uploads\/2019\/05\/pain4.jpg 507w\" sizes=\"(max-width: 207px) 100vw, 207px\" \/><\/p>\n<p><strong>Levure ou levain ?<\/strong><br \/>Les levures sont des micro-organismes unicellulaires de la famille des champignons. Elles se trouvent \u00e0 l\u2019\u00e9tat naturel dans les fruits et la farine et ont de tout temps \u00e9t\u00e9 utilis\u00e9es de mani\u00e8re empirique pour permettre la fermentation alcoolique du pain et de la bi\u00e8re. Cet agent biologique transforme les sucres de la p\u00e2te en gaz carbonique et en alcool qui s\u2019\u00e9vaporent \u00e0 la cuisson, permettant ainsi au pain de lever.<br \/>Les pains blancs \u00e0 la levure sont peu acides, volumineux et a\u00e9r\u00e9s.<br \/>Le levain est quant \u00e0 lui, issu de l\u2019union sacr\u00e9e entre l\u2019eau, la farine et l\u2019air, auquel s\u2019adjoint la quatri\u00e8me dimension relative du temps pour fermenter. Il s\u2019agit l\u00e0 d\u2019une fermentation naturelle provoqu\u00e9e gr\u00e2ce aux ferments sauvages pr\u00e9sents dans l\u2019atmosph\u00e8re.<br \/>Notre levain chef a l\u2019\u00e2ge du fournil, soit 7 ans. Il en est son identit\u00e9. Il est nourri (rafraichi) chaque jour pour pouvoir ensemencer chacune de nos recettes primaires.<br \/>Les pains au levain sont plus denses, un peu plus acides, digestes et riches en fibres. Ils ont un long temps de conservation (conserver \u00e0 temp\u00e9rature ambiante, envelopp\u00e9 dans un linge.)<\/p>\n<p><strong>Nos viennoiseries<\/strong><br \/>Elles sont forc\u00e9ment pur beurre ; r\u00e9alis\u00e9es avec passion et chaque jour par Fabien.<\/p>\n<p>\u00a0<\/p>\n<p>Teneur en sel de nos pains : 18g par kg de farine, conforme \u00e0 la l\u00e9gislation \/ Ensemencement des pains \u00e0 la levure : faible \u00e0 5g de levure par kg de<br \/>farine .<\/p>\n<p>\u00a0<\/p>\n<p>*BIOCER regroupe 200 agriculteurs c\u00e9r\u00e9aliers Bio d\u2019Ile de France, de Normandie et des <a href=\"http:\/\/lesbiopaniersdemareil.org\/wp-content\/uploads\/2019\/05\/Tarifs-2019-PAINS-AMAP.xlsx\">Tarifs 2019 PAINS AMAP<\/a>r\u00e9gions Nord et Centre. Produit des farines de Bl\u00e9, d\u2019\u00e9peautre ,de petit \u00e9peautre ,de seigle, de sarrasin et de<br \/>ma\u00efs.<br \/>**pour les farines Bises (semi-compl\u00e8tes) Type T80 , compl\u00e8tes (T110) et int\u00e9grales (T150).<\/p>\n<p>Fournil Bio la couronne des pr\u00e9s ZA la couronne des pr\u00e9s-6, avenue de la Mauldre-78680 EPONE n\u00b0SIRET 528 810 930 00016-RCS Versailles 528810930<br \/><a href=\"mailto:lacouronnedespres@gmail.com\">email : lacouronnedespres@gmail.com<\/a><\/p>\n\n\n<p>Tuteur : <a href=\"mailto:lamia@chesnais.eu\">Lamia Chesnais<\/a><\/p>\n\n\n\n<p><strong>Le contrat<\/strong><\/p>\n\n\n\n<p>Le contrat pain est souscrit en d\u00e9cembre 2018 pour un an du 9 janvier 2019 \u00e0 18 D\u00e9cembre 2019<\/p>\n\n\n\n<p>Il y aura 42 distributions pour cette ann\u00e9e 2019 (semaines\nnon distribu\u00e9es : S01, 17, 18, 19, 29, 30, 31, 32, 33 et 52).<\/p>\n\n\n\n<p>Vous pouvez choisir un pain diff\u00e9rent toutes les semaines,\npour cela il faudra remplir une fois par mois via un formulaire pour valider\nvos commandes mensuelles.&nbsp;<\/p>\n\n\n\n<p>Vous pouvez \u00e9galement d\u00e9cider de commander toutes les\nsemaines le m\u00eame pain (ou pains), alors vous aurez une commande par d\u00e9faut qui\nne changera pas tout au long de l&#8217;ann\u00e9e.&nbsp;<\/p>\n\n\n\n<p><a href=\"https:\/\/drive.google.com\/file\/d\/1gI0SHCeibi0tK_X3oiSgPg8Go9k9Pxdi\/view?usp=sharing\">Les tarifs 2019<\/a><\/p>\n","protected":false},"excerpt":{"rendered":"<p>Votre Fournil Biologique ArtisanalLe fournil de la couronne des pr\u00e9s propose, depuis 2011, une large gamme de painsfa\u00e7onn\u00e9s \u00e0 la main et cuits au four \u00e0 bois ainsi que des brioches et viennoiseries. Notre \u00e9quipeNotre fournil, install\u00e9 \u00e0 Ep\u00f4ne dans les Yvelines, compte aujourd\u2019hui 8 salari\u00e9s dont 4boulangers -Jean Baptiste, Florian , Emmanuel et Jeffrey- &hellip; <\/p>\n<p class=\"link-more\"><a href=\"https:\/\/lesbiopaniersdemareil.org\/index.php\/produits\/les-pains-toutes-les-semaines\/\" class=\"more-link\">Continue reading<span class=\"screen-reader-text\"> &#8220;Les pains (toutes les semaines)&#8221;<\/span><\/a><\/p>\n","protected":false},"author":1,"featured_media":86,"parent":26,"menu_order":2,"comment_status":"closed","ping_status":"closed","template":"","meta":{"spay_email":""},"jetpack_sharing_enabled":true,"jetpack_shortlink":"https:\/\/wp.me\/Pai4cU-1k","_links":{"self":[{"href":"https:\/\/lesbiopaniersdemareil.org\/index.php\/wp-json\/wp\/v2\/pages\/82"}],"collection":[{"href":"https:\/\/lesbiopaniersdemareil.org\/index.php\/wp-json\/wp\/v2\/pages"}],"about":[{"href":"https:\/\/lesbiopaniersdemareil.org\/index.php\/wp-json\/wp\/v2\/types\/page"}],"author":[{"embeddable":true,"href":"https:\/\/lesbiopaniersdemareil.org\/index.php\/wp-json\/wp\/v2\/users\/1"}],"replies":[{"embeddable":true,"href":"https:\/\/lesbiopaniersdemareil.org\/index.php\/wp-json\/wp\/v2\/comments?post=82"}],"version-history":[{"count":6,"href":"https:\/\/lesbiopaniersdemareil.org\/index.php\/wp-json\/wp\/v2\/pages\/82\/revisions"}],"predecessor-version":[{"id":822,"href":"https:\/\/lesbiopaniersdemareil.org\/index.php\/wp-json\/wp\/v2\/pages\/82\/revisions\/822"}],"up":[{"embeddable":true,"href":"https:\/\/lesbiopaniersdemareil.org\/index.php\/wp-json\/wp\/v2\/pages\/26"}],"wp:featuredmedia":[{"embeddable":true,"href":"https:\/\/lesbiopaniersdemareil.org\/index.php\/wp-json\/wp\/v2\/media\/86"}],"wp:attachment":[{"href":"https:\/\/lesbiopaniersdemareil.org\/index.php\/wp-json\/wp\/v2\/media?parent=82"}],"curies":[{"name":"wp","href":"https:\/\/api.w.org\/{rel}","templated":true}]}}