{"id":320,"date":"2018-09-20T22:58:28","date_gmt":"2018-09-20T20:58:28","guid":{"rendered":"http:\/\/lesbiopaniersdemareil.org\/?page_id=320"},"modified":"2019-05-27T23:41:35","modified_gmt":"2019-05-27T21:41:35","slug":"nous-aimons","status":"publish","type":"page","link":"https:\/\/lesbiopaniersdemareil.org\/index.php\/nous-aimons\/","title":{"rendered":"Nous aimons \/ Nous soutenons"},"content":{"rendered":"<p><em>CES INITIATIVES NOUS INSPIRENT<\/em><\/p>\n<p>Vous recherchez des projets, des associations, des gens qui s&#8217;impliquent pour la plan\u00e8te ? De nombreuses initiatives sont en cours au niveau local, national et mondial.<\/p>\n<p><em>L&#8217;AMAP de Mareil Marly vous a s\u00e9lectionn\u00e9 ci dessous quelques initiatives particuli\u00e8rement int\u00e9ressantes.<br \/><\/em><\/p>\n<p>\u00a0<\/p>\n<p><a href=\"http:\/\/www.amap-idf.org\/\"><img loading=\"lazy\" class=\"\" src=\"http:\/\/www.amap-idf.org\/images\/env\/logo-amap-ile-de-france_n.png\" width=\"167\" height=\"167\" border=\"0\" \/><\/a><\/p>\n<p>\u00a0<\/p>\n<p><div class=\"embed-vimeo\" style=\"text-align: center;\"><iframe loading=\"lazy\" src=\"https:\/\/player.vimeo.com\/video\/111715906\" width=\"525\" height=\"295\" frameborder=\"0\" webkitallowfullscreen mozallowfullscreen allowfullscreen><\/iframe><\/div><\/p>\n<p>Le r\u00e9seau des AMAPs Ile de France : <a href=\"http:\/\/www.amap-idf.org\/\">http:\/\/www.amap-idf.org\/<\/a><\/p>\n<p>\u00a0<\/p>\n<p><a href=\"http:\/\/miramap.org\/\"><img loading=\"lazy\" class=\"alignnone size-medium wp-image-864\" src=\"http:\/\/lesbiopaniersdemareil.org\/wp-content\/uploads\/2019\/05\/miramap-logo-300x39.jpg\" alt=\"\" width=\"300\" height=\"39\" srcset=\"https:\/\/lesbiopaniersdemareil.org\/wp-content\/uploads\/2019\/05\/miramap-logo-300x39.jpg 300w, https:\/\/lesbiopaniersdemareil.org\/wp-content\/uploads\/2019\/05\/miramap-logo.jpg 548w\" sizes=\"(max-width: 300px) 100vw, 300px\" \/><\/a><\/p>\n<p>MIRAMAP est le mouvement Inter-R\u00e9gional des AMAP ; il a pour objet de renforcer la coh\u00e9sion des AMAP \u00e0 travers le partage d\u2019une \u00e9thique commune, de mutualiser les exp\u00e9riences et les pratiques et d\u2019assurer la repr\u00e9sentation et la mise en valeur des AMAP au niveau national.<\/p>\n<p><a href=\"http:\/\/miramap.org\/\">http:\/\/miramap.org\/<\/a><\/p>\n<p>\u00a0<\/p>\n<p><a href=\"https:\/\/terredeliens.org\/\"><em><img loading=\"lazy\" class=\"alignnone size-full wp-image-865\" src=\"http:\/\/lesbiopaniersdemareil.org\/wp-content\/uploads\/2019\/05\/siteon0.png\" alt=\"\" width=\"144\" height=\"151\" \/><\/em><\/a><\/p>\n<p>Terre de Liens est n\u00e9 en 2003 de la convergence de plusieurs mouvements liant l\u2019\u00e9ducation populaire, l\u2019agriculture biologique et biodynamique, la finance \u00e9thique, l\u2019\u00e9conomie solidaire et le d\u00e9veloppement rural.<\/p>\n<p><a href=\"https:\/\/terredeliens.org\/\">https:\/\/terredeliens.org\/<\/a><\/p>\n<p>\u00a0<\/p>\n<p>\u00a0<\/p>\n<p><a href=\"https:\/\/www.leschampsdespossibles.fr\"><img loading=\"lazy\" class=\"alignnone size-full wp-image-874\" src=\"http:\/\/lesbiopaniersdemareil.org\/wp-content\/uploads\/2019\/05\/photo_36T1.jpg\" alt=\"\" width=\"150\" height=\"150\" srcset=\"https:\/\/lesbiopaniersdemareil.org\/wp-content\/uploads\/2019\/05\/photo_36T1.jpg 150w, https:\/\/lesbiopaniersdemareil.org\/wp-content\/uploads\/2019\/05\/photo_36T1-100x100.jpg 100w\" sizes=\"(max-width: 150px) 100vw, 150px\" \/><\/a><\/p>\n<p><a href=\"https:\/\/www.leschampsdespossibles.fr\"><em>Les Champs des Possibles<\/em><\/a> est une <strong>coop\u00e9rative d\u2019activit\u00e9s agricoles et rurales<\/strong> qui r\u00e9unit des paysans, des artisans, des porteurs de projet, des consommateurs, des collectivit\u00e9s et diverses autres cat\u00e9gories d\u2019associ\u00e9s autour d\u2019un projet de coop\u00e9ration \u00e9conomique et sociale.<\/p>\n<p>\u00a0<\/p>\n<p>\u00a0<\/p>\n<p><a href=\"https:\/\/www.bioiledefrance.fr\/\"> <img loading=\"lazy\" class=\"alignnone size-full wp-image-873\" src=\"http:\/\/lesbiopaniersdemareil.org\/wp-content\/uploads\/2019\/05\/photo_14T1.png\" alt=\"\" width=\"150\" height=\"107\" \/><\/a><\/p>\n<p><em><strong>le Groupement des Agriculteurs Biologiques de la r\u00e9gion Ile de France (GAB IdF) rassemble les producteurs franciliens engag\u00e9s en Agriculture Biologique. Il r\u00e9pond aux besoins des producteurs, d\u00e9fend leurs int\u00e9r\u00eats aupr\u00e8s des pouvoirs publics et des organisations professionnelles et s\u00e9curise leurs activit\u00e9s.<\/strong><\/em><\/p>\n<p><em><strong><a href=\"https:\/\/www.bioiledefrance.fr\/\">Le GAB IdF<\/a> a pour objet de d\u00e9velopper l&#8217;AB en Ile de France <\/strong><\/em><\/p>\n<p>\u00a0<\/p>\n<p>\u00a0<\/p>\n<p><a href=\"https:\/\/www.lequaidespossibles.org\/\"><img id=\"logo\" src=\"https:\/\/www.lequaidespossibles.org\/wp-content\/uploads\/2018\/02\/logo2.png\" alt=\"Le Quai des possibles\" data-height-percentage=\"100\" data-actual-width=\"123\" data-actual-height=\"116\" \/><\/a><\/p>\n<p>Un magnifique projet de co working autour du developpement durable sur Saint Germain en Laye : <a href=\"https:\/\/www.lequaidespossibles.org\/\">https:\/\/www.lequaidespossibles.org\/<\/a>. Adh\u00e9rez au plus vite et profitez de leur <a href=\"https:\/\/www.lequaidespossibles.org\/events\/event\/\">programmation<\/a> passionnante et cr\u00e9ative.<\/p>\n<p>\u00a0<\/p>\n<p><a href=\"http:\/\/eaudevigne.com\"><img loading=\"lazy\" class=\"custom-logo\" src=\"https:\/\/eaudevigne.com\/wordpress\/wp-content\/uploads\/2017\/05\/cropped-eau-de-vigne-logo-couleur.png\" sizes=\"100vw\" alt=\"eau de vigne\" width=\"140\" height=\"154\" \/><\/a><\/p>\n<p>D\u00e9couvrez des vins \u00e0 caract\u00e8re \u00e9cologique avec eau de vigne, entreprise cr\u00e9e par un de nos amapien :\u00a0<a href=\"http:\/\/eaudevigne.com\"> http:\/\/eaudevigne.com<\/a><\/p>\n<p>\u00a0<\/p>\n<p><img src=\"https:\/\/seve.org\/wp-content\/themes\/theme-wordpress-seve-plateforme\/assets\/images\/accueil-seve-org\/logo-fondation-seve.png\" alt=\"Fondation SEVE\" \/><\/p>\n<p>Une fondation et une association dont l&#8217;objectif est d&#8217;a<span class=\"fontstyle0\">pprendre aux enfants, d\u00e8s le plus jeune \u00e2ge, <\/span><span class=\"fontstyle2\">\u00e0 raisonner par eux-m\u00eames<\/span><span class=\"fontstyle0\">, \u00e0 amadouer leurs \u00e9motions, \u00e0 d\u00e9velopper leur cr\u00e9ativit\u00e9, \u00e0 faire preuve d\u2019empathie, <\/span><span class=\"fontstyle2\">\u00e0 coop\u00e9rer <\/span><span class=\"fontstyle0\">avec des personnes de cultures diff\u00e9rentes et les pr\u00e9parer \u00e0 devenir <\/span><span class=\"fontstyle2\">des citoyens confiants, actifs et responsables.\u00a0<\/span><\/p>\n<p><span class=\"embed-youtube\" style=\"text-align:center; display: block;\"><iframe loading=\"lazy\" class=\"youtube-player\" width=\"525\" height=\"296\" src=\"https:\/\/www.youtube.com\/embed\/3oQuaNWKCiE?version=3&#038;rel=1&#038;showsearch=0&#038;showinfo=1&#038;iv_load_policy=1&#038;fs=1&#038;hl=en-US&#038;autohide=2&#038;wmode=transparent\" allowfullscreen=\"true\" style=\"border:0;\" sandbox=\"allow-scripts allow-same-origin allow-popups allow-presentation\"><\/iframe><\/span><\/p>\n<p>\u00a0<\/p>\n\n\n<p><\/p>\n","protected":false},"excerpt":{"rendered":"<p>CES INITIATIVES NOUS INSPIRENT Vous recherchez des projets, des associations, des gens qui s&#8217;impliquent pour la plan\u00e8te ? De nombreuses initiatives sont en cours au niveau local, national et mondial. L&#8217;AMAP de Mareil Marly vous a s\u00e9lectionn\u00e9 ci dessous quelques initiatives particuli\u00e8rement int\u00e9ressantes. \u00a0 \u00a0 Le r\u00e9seau des AMAPs Ile de France : http:\/\/www.amap-idf.org\/ \u00a0 &hellip; <\/p>\n<p class=\"link-more\"><a href=\"https:\/\/lesbiopaniersdemareil.org\/index.php\/nous-aimons\/\" class=\"more-link\">Continue reading<span class=\"screen-reader-text\"> &#8220;Nous aimons \/ Nous soutenons&#8221;<\/span><\/a><\/p>\n","protected":false},"author":1,"featured_media":0,"parent":0,"menu_order":0,"comment_status":"closed","ping_status":"closed","template":"","meta":{"spay_email":""},"jetpack_sharing_enabled":true,"jetpack_shortlink":"https:\/\/wp.me\/Pai4cU-5a","_links":{"self":[{"href":"https:\/\/lesbiopaniersdemareil.org\/index.php\/wp-json\/wp\/v2\/pages\/320"}],"collection":[{"href":"https:\/\/lesbiopaniersdemareil.org\/index.php\/wp-json\/wp\/v2\/pages"}],"about":[{"href":"https:\/\/lesbiopaniersdemareil.org\/index.php\/wp-json\/wp\/v2\/types\/page"}],"author":[{"embeddable":true,"href":"https:\/\/lesbiopaniersdemareil.org\/index.php\/wp-json\/wp\/v2\/users\/1"}],"replies":[{"embeddable":true,"href":"https:\/\/lesbiopaniersdemareil.org\/index.php\/wp-json\/wp\/v2\/comments?post=320"}],"version-history":[{"count":16,"href":"https:\/\/lesbiopaniersdemareil.org\/index.php\/wp-json\/wp\/v2\/pages\/320\/revisions"}],"predecessor-version":[{"id":916,"href":"https:\/\/lesbiopaniersdemareil.org\/index.php\/wp-json\/wp\/v2\/pages\/320\/revisions\/916"}],"wp:attachment":[{"href":"https:\/\/lesbiopaniersdemareil.org\/index.php\/wp-json\/wp\/v2\/media?parent=320"}],"curies":[{"name":"wp","href":"https:\/\/api.w.org\/{rel}","templated":true}]}}