{"id":26,"date":"2018-03-12T08:43:48","date_gmt":"2018-03-12T08:43:48","guid":{"rendered":"http:\/\/lesbiopaniersdemareil.org\/?page_id=26"},"modified":"2019-02-12T10:11:09","modified_gmt":"2019-02-12T09:11:09","slug":"produits","status":"publish","type":"page","link":"https:\/\/lesbiopaniersdemareil.org\/index.php\/produits\/","title":{"rendered":"Les contrats"},"content":{"rendered":"<p>Ci dessous la synth\u00e8se des contrats possibles pour les AMAPIENS des bio paniers de Mareil. Pour avoir plus de d\u00e9tails, reportez vous sur la rubrique d\u00e9di\u00e9e.<\/p>\n<h1>Les l\u00e9gumes (toutes les semaines)<\/h1>\n<p><img loading=\"lazy\" class=\"alignnone size-medium wp-image-78\" src=\"http:\/\/lesbiopaniersdemareil.org\/wp-content\/uploads\/2018\/03\/dark-mood-food-2983709-300x200.jpg\" alt=\"\" width=\"300\" height=\"200\" srcset=\"https:\/\/lesbiopaniersdemareil.org\/wp-content\/uploads\/2018\/03\/dark-mood-food-2983709-300x200.jpg 300w, https:\/\/lesbiopaniersdemareil.org\/wp-content\/uploads\/2018\/03\/dark-mood-food-2983709-768x512.jpg 768w, https:\/\/lesbiopaniersdemareil.org\/wp-content\/uploads\/2018\/03\/dark-mood-food-2983709-1024x683.jpg 1024w\" sizes=\"(max-width: 300px) 100vw, 300px\" \/><\/p>\n<p>Nos mara\u00eechers Annick Briand et Thibault Champlin viennent toutes les semaines de la r\u00e9gion du Mont-Saint-Michel \u00e0 Lingreville livrer des l\u00e9gumes de saison.<\/p>\n<p>50 paniers de l\u00e9gumes par an avec une pause de quelques semaines r\u00e9parties sur l&#8217;ann\u00e9e (cong\u00e9s de Noel, au printemps et l&#8217;\u00e9t\u00e9).<\/p>\n<p>En 2016, nos producteurs lancent un projet de groupement financier agricole pour soutenir la culture maraich\u00e8re bio. Pour les aider dans ce projet, consultez le blog.<\/p>\n<h1>Les pains (toutes les semaines)<\/h1>\n<p><img loading=\"lazy\" class=\"alignnone size-medium wp-image-86\" src=\"http:\/\/lesbiopaniersdemareil.org\/wp-content\/uploads\/2018\/03\/bread-slices-2568304-300x200.jpg\" alt=\"\" width=\"300\" height=\"200\" srcset=\"https:\/\/lesbiopaniersdemareil.org\/wp-content\/uploads\/2018\/03\/bread-slices-2568304-300x200.jpg 300w, https:\/\/lesbiopaniersdemareil.org\/wp-content\/uploads\/2018\/03\/bread-slices-2568304-768x512.jpg 768w, https:\/\/lesbiopaniersdemareil.org\/wp-content\/uploads\/2018\/03\/bread-slices-2568304-1024x683.jpg 1024w\" sizes=\"(max-width: 300px) 100vw, 300px\" \/><\/p>\n<p>Daniel Boitard, notre boulanger, vient d&#8217;\u00c9pone. Il nous propose chaque semaine des pains de toutes les formes et de toutes les couleurs : campagne, s\u00e9same, \u00e9peautre, graines de courge, etc &#8230;<\/p>\n<p>Et pour ceux qui aiment le changement : le pain surprise, selon les envies de Daniel !!<\/p>\n<h1>Les champignons (tous les 15 jours)<\/h1>\n<p><img loading=\"lazy\" class=\"alignnone size-medium wp-image-85\" src=\"http:\/\/lesbiopaniersdemareil.org\/wp-content\/uploads\/2018\/03\/mushrooms-3209263-300x200.jpg\" alt=\"\" width=\"300\" height=\"200\" srcset=\"https:\/\/lesbiopaniersdemareil.org\/wp-content\/uploads\/2018\/03\/mushrooms-3209263-300x200.jpg 300w, https:\/\/lesbiopaniersdemareil.org\/wp-content\/uploads\/2018\/03\/mushrooms-3209263-768x512.jpg 768w, https:\/\/lesbiopaniersdemareil.org\/wp-content\/uploads\/2018\/03\/mushrooms-3209263-1024x683.jpg 1024w\" sizes=\"(max-width: 300px) 100vw, 300px\" \/><\/p>\n<p>Angel MOIOLI nous propose 2 fois par mois d&#8217;octobre \u00e0 fin septembre, avec une coupure en juillet et ao\u00fbt, ses 3 vari\u00e9t\u00e9s de champignons : Paris, Shitakee et Pleurotte.<\/p>\n<p>Il est un des derniers champignonnistes d&#8217;Ile de France et vient r\u00e9cemment de quitter ses carri\u00e8res de Montesson apr\u00e8s 20 ans d&#8217;exploitation, pour s&#8217;agrandir en s&#8217;installant \u00e0 Evecquemont ( entre Triel et Meulan )<\/p>\n<p>Ses clients sont principalement des AMAP et des restaurateurs &#8230;<\/p>\n<p>Pr\u00e9sent tr\u00e8s souvent lors de nos distributions, il prend le temps de partager sa passion et nous rappelle que ses champignons ont besoin de 5 semaines pour arriver \u00e0 maturation, alors qu&#8217;il ne faut que 8 jours pour faire pousser un champignon bas de gamme &#8230;..<\/p>\n<h1>Les fruits (selon la saison)<\/h1>\n<p><img loading=\"lazy\" class=\"alignnone size-medium wp-image-61\" src=\"http:\/\/lesbiopaniersdemareil.org\/wp-content\/uploads\/2018\/03\/apple-1526584-300x93.jpg\" alt=\"\" width=\"300\" height=\"93\" srcset=\"https:\/\/lesbiopaniersdemareil.org\/wp-content\/uploads\/2018\/03\/apple-1526584-300x93.jpg 300w, https:\/\/lesbiopaniersdemareil.org\/wp-content\/uploads\/2018\/03\/apple-1526584-768x237.jpg 768w, https:\/\/lesbiopaniersdemareil.org\/wp-content\/uploads\/2018\/03\/apple-1526584-1024x316.jpg 1024w\" sizes=\"(max-width: 300px) 100vw, 300px\" \/><\/p>\n<p>La maison Gaillard est sp\u00e9cialis\u00e9e dans la production de fruits \u00e0 haute valeur gustative. Ses fruits sont appr\u00e9ci\u00e9s par de nombreux professionnels des m\u00e9tiers de bouche tr\u00e8s exigeants sur la qualit\u00e9, la fra\u00eecheur et le go\u00fbt.<\/p>\n<p>Situ\u00e9e sur le plateau des Alluets-le-Roi dans le prolongement de la plaine de Versailles dans les Yvelines, elle produit sur une vingtaine d\u2019hectares, exclusivement destin\u00e9s aux productions fruiti\u00e8res traditionnelles de la r\u00e9gion : poires, pommes, framboises, fraises, cassis, groseilles \u00e0 maquereau,fraises des bois, prunes, mirabelles, Reine-Claude, quetsches.<\/p>\n<p>Les vari\u00e9t\u00e9s de fruits sont s\u00e9lectionn\u00e9es parmi les plus savoureuses : poire doyenn\u00e9 du comice, framboises Meeker, pomme Chantecler, Elstar et Pinkiss , Gala, Goldrush, Reine de Reinettes&#8230;<\/p>\n<p>Arboriculteur depuis 1964, ils ont fait leur conversion en agriculture biologique sauf pour les fraises.<\/p>\n<p>La maison Gaillard nous propose 2 saisons:<\/p>\n<p>1\/ les fruits rouges (petits fruits et prunes)de fin mai \u00e0 fin juillet .<\/p>\n<p>2\/ les pommes et les poires de octobre \u00e0 f\u00e9vrier<\/p>\n<p>Les contrats sont pass\u00e9s en amont de ces p\u00e9riodes .<\/p>\n<p>Les Pommes et Poires arriveront le 19 Octobre puis tous les 15 jours \u00e0 partir de cette date.<\/p>\n<h1>Les volailles et les \u0153ufs (Toutes les deux semaines)<\/h1>\n<p><img loading=\"lazy\" class=\"alignnone size-medium wp-image-63\" src=\"http:\/\/lesbiopaniersdemareil.org\/wp-content\/uploads\/2018\/03\/eggs-3216878-300x225.jpg\" alt=\"\" width=\"300\" height=\"225\" srcset=\"https:\/\/lesbiopaniersdemareil.org\/wp-content\/uploads\/2018\/03\/eggs-3216878-300x225.jpg 300w, https:\/\/lesbiopaniersdemareil.org\/wp-content\/uploads\/2018\/03\/eggs-3216878-768x576.jpg 768w, https:\/\/lesbiopaniersdemareil.org\/wp-content\/uploads\/2018\/03\/eggs-3216878-1024x768.jpg 1024w\" sizes=\"(max-width: 300px) 100vw, 300px\" \/><\/p>\n<p>L&#8217;histoire de l&#8217;oeuf ou de la poule ne date pas d&#8217;hier, c&#8217;est aussi Philippe et Anne Laure qui nous livrent poulets entiers, d\u00e9coup\u00e9s ou en morceaux, poules au pot, bouillons, canards, dindes, saucisses de volailles etc&#8230;<\/p>\n<p>Philippe et Anne Laure Duhoux sont \u00e9leveurs dans le Perche, ils nous proposent deux fois par mois les oeufs frais de leur ferme, une fois par mois des poulets et,selon leurs production d&#8217;autres produits.<\/p>\n<h1>L&#8217;huile d&#8217;olive (2 fois par an)<\/h1>\n<p><img loading=\"lazy\" class=\"alignnone size-medium wp-image-83\" src=\"http:\/\/lesbiopaniersdemareil.org\/wp-content\/uploads\/2018\/03\/olive-oil-968657-300x200.jpg\" alt=\"\" width=\"300\" height=\"200\" srcset=\"https:\/\/lesbiopaniersdemareil.org\/wp-content\/uploads\/2018\/03\/olive-oil-968657-300x200.jpg 300w, https:\/\/lesbiopaniersdemareil.org\/wp-content\/uploads\/2018\/03\/olive-oil-968657-768x512.jpg 768w, https:\/\/lesbiopaniersdemareil.org\/wp-content\/uploads\/2018\/03\/olive-oil-968657-1024x683.jpg 1024w\" sizes=\"(max-width: 300px) 100vw, 300px\" \/><\/p>\n<p>Produite sur l\u2019\u00eele de Zakynthos, situ\u00e9e dans la mer Ionienne, \u00e0 partir d\u2019olives de vari\u00e9t\u00e9 \u201ckorone\u00efka\u201d, cette huile est lab\u00e9lis\u00e9e bio depuis d\u00e9but 2012. Elle est r\u00e9colt\u00e9e et fabriqu\u00e9e de fa\u00e7on traditionnelle par Nikos (cueillette manuelle, pressage \u00e0 froid et d\u00e9cantage). 6 \u00e0 7 kilos d&#8217;olives sont n\u00e9cessaires pour obtenir 1 litre d&#8217;huile, et un olivier peut produire 80 \u00e0 100 kg d\u2019olives par r\u00e9colte. L&#8217;huile d&#8217;olive est disponible en 3 formats de contenants : 1 litre, 3 litres ou 5 litres<\/p>\n<h1>Les olives ap\u00e9ritives<\/h1>\n<p><img loading=\"lazy\" class=\"alignnone size-medium wp-image-100\" src=\"http:\/\/lesbiopaniersdemareil.org\/wp-content\/uploads\/2018\/03\/olives-2251260-300x200.jpg\" alt=\"\" width=\"300\" height=\"200\" srcset=\"https:\/\/lesbiopaniersdemareil.org\/wp-content\/uploads\/2018\/03\/olives-2251260-300x200.jpg 300w, https:\/\/lesbiopaniersdemareil.org\/wp-content\/uploads\/2018\/03\/olives-2251260-768x512.jpg 768w, https:\/\/lesbiopaniersdemareil.org\/wp-content\/uploads\/2018\/03\/olives-2251260-1024x683.jpg 1024w\" sizes=\"(max-width: 300px) 100vw, 300px\" \/><\/p>\n<h1>Les fromages de ch\u00e8vre (Tous les 15 jours)<\/h1>\n<p><img loading=\"lazy\" class=\"alignnone size-medium wp-image-99\" src=\"http:\/\/lesbiopaniersdemareil.org\/wp-content\/uploads\/2018\/03\/herbs-631569-300x200.jpg\" alt=\"\" width=\"300\" height=\"200\" srcset=\"https:\/\/lesbiopaniersdemareil.org\/wp-content\/uploads\/2018\/03\/herbs-631569-300x200.jpg 300w, https:\/\/lesbiopaniersdemareil.org\/wp-content\/uploads\/2018\/03\/herbs-631569-768x512.jpg 768w, https:\/\/lesbiopaniersdemareil.org\/wp-content\/uploads\/2018\/03\/herbs-631569-1024x683.jpg 1024w\" sizes=\"(max-width: 300px) 100vw, 300px\" \/><\/p>\n<p>Une livraison de fromage est pr\u00e9vue pour le 6 avril.<\/p>\n<p>La commande est \u00e0 passer avant le 16 mars 2016.<\/p>\n<p>P\u00e9riode : de avril \u00e0 novembre<\/p>\n<p>Situ\u00e9 dans le pays de Bray, \u00e0 Haussez, le cheptel est compos\u00e9 de ch\u00e8vres appel\u00e9es Blanches de Gessenay, originaire du canton de Berne, en Suisse. Le troupeau est constitu\u00e9 de 35 ch\u00e8vres laiti\u00e8res, 8 chevrettes de renouvellement et de 2 boucs.<\/p>\n<p>L&#8217;alimentation est bas\u00e9e sur le paturage l&#8217;\u00e9t\u00e9 et le foin en hiver avec un compl\u00e9ment bio de ma\u00efs, luzerne, vitamines.<\/p>\n<p>Le lait est transform\u00e9 sans ajout de ferment ni flore de surface, pour produire un authentique fromage fermier.<\/p>\n<p>La ch\u00e8vrerie a obtenu la certification bio en f\u00e9vrier 2015.<\/p>\n<h1>L&#8217;agneau (2 fois par an)<\/h1>\n<p><img loading=\"lazy\" class=\"alignnone size-medium wp-image-392\" src=\"http:\/\/lesbiopaniersdemareil.org\/wp-content\/uploads\/2018\/09\/abstract-1238656_1920-300x200.jpg\" alt=\"\" width=\"300\" height=\"200\" srcset=\"https:\/\/lesbiopaniersdemareil.org\/wp-content\/uploads\/2018\/09\/abstract-1238656_1920-300x200.jpg 300w, https:\/\/lesbiopaniersdemareil.org\/wp-content\/uploads\/2018\/09\/abstract-1238656_1920-768x512.jpg 768w, https:\/\/lesbiopaniersdemareil.org\/wp-content\/uploads\/2018\/09\/abstract-1238656_1920-1024x683.jpg 1024w, https:\/\/lesbiopaniersdemareil.org\/wp-content\/uploads\/2018\/09\/abstract-1238656_1920.jpg 1920w\" sizes=\"(max-width: 300px) 100vw, 300px\" \/><\/p>\n<p>Marie-Claude Bernard (EARL le Grand Ch\u00eane) est productrice d&#8217;agneau \u00e0 Saint-Vaast d&#8217;Equiqueville, pr\u00e9s de Dieppe en Normandie.<\/p>\n<p>Deux fois par an (automne et printemps), elle nous propose des agneaux, que l&#8217;on peut commander sous forme de quart avant (\u00e9paule+ c\u00f4tes d&#8217;agneau + collier et poitrine), quart arri\u00e8re (gigot + c\u00f4tes d&#8217;agneau + collier et poitrine), demi-agneau (1 quart avant + 1 quart arri\u00e8re) ou agneau entier. Elle propose \u00e9galement des saucisses d&#8217;agneau, nature ou aux herbes, et des merguez.<\/p>\n<p>Les produits sont livr\u00e9s sous vide, ou en emballage papier, selon l&#8217;option choisie par le consommateur. Les \u00e9paules et les gigots peuvent \u00eatre d\u00e9soss\u00e9s, ou raccourcis pour le gigot.<\/p>\n<h1>Le cidre et ses d\u00e9riv\u00e9s (4 fois par ans)<\/h1>\n<p><img loading=\"lazy\" class=\"alignnone size-medium wp-image-393\" src=\"http:\/\/lesbiopaniersdemareil.org\/wp-content\/uploads\/2018\/09\/apple-2535260_1280-300x199.jpg\" alt=\"\" width=\"300\" height=\"199\" srcset=\"https:\/\/lesbiopaniersdemareil.org\/wp-content\/uploads\/2018\/09\/apple-2535260_1280-300x199.jpg 300w, https:\/\/lesbiopaniersdemareil.org\/wp-content\/uploads\/2018\/09\/apple-2535260_1280-768x508.jpg 768w, https:\/\/lesbiopaniersdemareil.org\/wp-content\/uploads\/2018\/09\/apple-2535260_1280-1024x678.jpg 1024w, https:\/\/lesbiopaniersdemareil.org\/wp-content\/uploads\/2018\/09\/apple-2535260_1280.jpg 1280w\" sizes=\"(max-width: 300px) 100vw, 300px\" \/><\/p>\n<p>Notre producteur de cidre est situ\u00e9 dans la manche, il propose 4 fois par an :<\/p>\n<p>Cidre brut 2015 , 75 cl<br \/>\nPAF Cidre 2014 1\/2 sec , 75 cl<br \/>\nFleur de Sureau 2014, 75 cl<br \/>\nJus de pomme, 1 litre<\/p>\n<p>BIB jus de pomme 3L et 5l<\/p>\n<p>Les condiments 50 cl<\/p>\n<p>Comme des vinaigres, mais \u00e0 3% d&#8217;acidit\u00e9 au lieu de 5%<br \/>\nAcigre<br \/>\nSurelle<br \/>\nEpicelle<br \/>\nSeve de Bouleau 1 litre 1<br \/>\nLa goutte 50 cl 40\u00b0<br \/>\nLa grosse goutte 50 cl<br \/>\nVieux Calvados (5 ans d&#8217;age minimum) 50\u00b0<\/p>\n<p>Tout il est bio<br \/>\nTout il est biocoh\u00e9rence (sauf le jus de pomme)<\/p>\n<p>Les jus de poires et jus de poires\/coings de Haute Provence (2 fois par an)<\/p>\n<p>Henry Poulain et son association &#8220;Fruits d&#8217;Avenir&#8221; nous proposent des jus de fruits dont un jus de poire issu de vari\u00e9t\u00e9s de fruits locales et traditionnelles, poires d&#8217;hiver appel\u00e9es localement \u00ab Cuisse de Dame \u00bb, \u00ab Belle Adrienne \u00bb, \u00ab Verte Longue \u00bb ou plus g\u00e9n\u00e9ralement \u00ab Poire Cur\u00e9 \u00bb.<\/p>\n<p>Elles proviennent de vergers d\u00e9laiss\u00e9s dans les hautes vall\u00e9es du pays de Digne-les-Bains, situ\u00e9s en montagne entre 700 et 1300 m d&#8217;altitude. De ce fait, les arbres ne sont ni trait\u00e9s ni engraiss\u00e9s chimiquement.<\/p>\n<p>Les fruits s\u00e9lectionn\u00e9s sont naturellement sains. Ils sont r\u00e9colt\u00e9s en d\u00e9but d&#8217;automne, broy\u00e9s et press\u00e9s. Le pur jus obtenu est pasteuris\u00e9 pour une conservation de 3 ans \u00e0 compter de la mise en bouteille. Il ne contient aucun additif, ni sucre ajout\u00e9 ni conservateur.<\/p>\n<h1>Le boeuf (4 fois par an)<\/h1>\n<p><img loading=\"lazy\" class=\"alignnone size-medium wp-image-394\" src=\"http:\/\/lesbiopaniersdemareil.org\/wp-content\/uploads\/2018\/09\/roulades-3453901_1920-300x200.jpg\" alt=\"\" width=\"300\" height=\"200\" srcset=\"https:\/\/lesbiopaniersdemareil.org\/wp-content\/uploads\/2018\/09\/roulades-3453901_1920-300x200.jpg 300w, https:\/\/lesbiopaniersdemareil.org\/wp-content\/uploads\/2018\/09\/roulades-3453901_1920-768x512.jpg 768w, https:\/\/lesbiopaniersdemareil.org\/wp-content\/uploads\/2018\/09\/roulades-3453901_1920-1024x683.jpg 1024w, https:\/\/lesbiopaniersdemareil.org\/wp-content\/uploads\/2018\/09\/roulades-3453901_1920.jpg 1920w\" sizes=\"(max-width: 300px) 100vw, 300px\" \/><\/p>\n<p>La ferme biolologique de la Haute Blatrie est une exploitation familiale (Dominique, Patrice et leur fils Vincent WEBER). Elle est situ\u00e9e dans le parc naturel du Perche.<\/p>\n<p>Les boeufs sont \u00e9lev\u00e9s pendant 3 ans minimum. Leur alimentation est produite sur l&#8217;exploitation.<\/p>\n<p>Des colis de 5 et 10kg sont livr\u00e9s 4 fois par an. La viande est livr\u00e9e sous vide et \u00e9tiquet\u00e9e.<\/p>\n<p>Il n&#8217;est pas obligatoire de commander aux 4 livraisons.<\/p>\n","protected":false},"excerpt":{"rendered":"<p>Ci dessous la synth\u00e8se des contrats possibles pour les AMAPIENS des bio paniers de Mareil. Pour avoir plus de d\u00e9tails, reportez vous sur la rubrique d\u00e9di\u00e9e. Les l\u00e9gumes (toutes les semaines) Nos mara\u00eechers Annick Briand et Thibault Champlin viennent toutes les semaines de la r\u00e9gion du Mont-Saint-Michel \u00e0 Lingreville livrer des l\u00e9gumes de saison. 50 &hellip; <\/p>\n<p class=\"link-more\"><a href=\"https:\/\/lesbiopaniersdemareil.org\/index.php\/produits\/\" class=\"more-link\">Continue reading<span class=\"screen-reader-text\"> &#8220;Les contrats&#8221;<\/span><\/a><\/p>\n","protected":false},"author":1,"featured_media":0,"parent":0,"menu_order":0,"comment_status":"closed","ping_status":"closed","template":"","meta":{"spay_email":""},"jetpack_sharing_enabled":true,"jetpack_shortlink":"https:\/\/wp.me\/Pai4cU-q","_links":{"self":[{"href":"https:\/\/lesbiopaniersdemareil.org\/index.php\/wp-json\/wp\/v2\/pages\/26"}],"collection":[{"href":"https:\/\/lesbiopaniersdemareil.org\/index.php\/wp-json\/wp\/v2\/pages"}],"about":[{"href":"https:\/\/lesbiopaniersdemareil.org\/index.php\/wp-json\/wp\/v2\/types\/page"}],"author":[{"embeddable":true,"href":"https:\/\/lesbiopaniersdemareil.org\/index.php\/wp-json\/wp\/v2\/users\/1"}],"replies":[{"embeddable":true,"href":"https:\/\/lesbiopaniersdemareil.org\/index.php\/wp-json\/wp\/v2\/comments?post=26"}],"version-history":[{"count":8,"href":"https:\/\/lesbiopaniersdemareil.org\/index.php\/wp-json\/wp\/v2\/pages\/26\/revisions"}],"predecessor-version":[{"id":802,"href":"https:\/\/lesbiopaniersdemareil.org\/index.php\/wp-json\/wp\/v2\/pages\/26\/revisions\/802"}],"wp:attachment":[{"href":"https:\/\/lesbiopaniersdemareil.org\/index.php\/wp-json\/wp\/v2\/media?parent=26"}],"curies":[{"name":"wp","href":"https:\/\/api.w.org\/{rel}","templated":true}]}}